{"id":25,"date":"2019-01-03T09:15:12","date_gmt":"2019-01-03T09:15:12","guid":{"rendered":"https:\/\/luerken-slomka.de\/?page_id=25"},"modified":"2019-01-22T13:36:28","modified_gmt":"2019-01-22T13:36:28","slug":"daecher","status":"publish","type":"page","link":"https:\/\/www.luerken-slomka.de\/?page_id=25","title":{"rendered":"D\u00e4cher"},"content":{"rendered":"\r\n<p>Es gibt sehr viele verschiedene Arten von D\u00e4chern. Hier finden Sie einige Informationen zu den g\u00e4ngigsten Arten. Ein&nbsp;Satteldach&nbsp;zum Beispiel pr\u00e4sentiert das Geb\u00e4ude ganz klassisch und vertraut, Pultd\u00e4cher wiederum signalisieren Modernit\u00e4t. Nachfolgend zeigen wir Ihnen ein paar Dachformen, die in Deutschland besonders beliebt sind.<\/p>\r\n<p>&nbsp;<\/p>\r\n<h4>Das Satteldach<\/h4>\r\n<p><img data-recalc-dims=\"1\" loading=\"lazy\" decoding=\"async\" data-attachment-id=\"154\" data-permalink=\"https:\/\/www.luerken-slomka.de\/?attachment_id=154\" data-orig-file=\"https:\/\/i0.wp.com\/www.luerken-slomka.de\/wp-content\/uploads\/2019\/01\/Dachform_Satteldach.png?fit=404%2C300&amp;ssl=1\" data-orig-size=\"404,300\" data-comments-opened=\"1\" data-image-meta=\"{&quot;aperture&quot;:&quot;0&quot;,&quot;credit&quot;:&quot;&quot;,&quot;camera&quot;:&quot;&quot;,&quot;caption&quot;:&quot;&quot;,&quot;created_timestamp&quot;:&quot;0&quot;,&quot;copyright&quot;:&quot;&quot;,&quot;focal_length&quot;:&quot;0&quot;,&quot;iso&quot;:&quot;0&quot;,&quot;shutter_speed&quot;:&quot;0&quot;,&quot;title&quot;:&quot;&quot;,&quot;orientation&quot;:&quot;0&quot;}\" data-image-title=\"Dachform_Satteldach\" data-image-description=\"\" data-image-caption=\"\" data-medium-file=\"https:\/\/i0.wp.com\/www.luerken-slomka.de\/wp-content\/uploads\/2019\/01\/Dachform_Satteldach.png?fit=300%2C223&amp;ssl=1\" data-large-file=\"https:\/\/i0.wp.com\/www.luerken-slomka.de\/wp-content\/uploads\/2019\/01\/Dachform_Satteldach.png?fit=404%2C300&amp;ssl=1\" class=\"alignright size-medium wp-image-154\" src=\"https:\/\/i0.wp.com\/www.luerken-slomka.de\/wp-content\/uploads\/2019\/01\/Dachform_Satteldach.png?resize=300%2C223&#038;ssl=1\" alt=\"\" width=\"300\" height=\"223\" srcset=\"https:\/\/i0.wp.com\/www.luerken-slomka.de\/wp-content\/uploads\/2019\/01\/Dachform_Satteldach.png?resize=300%2C223&amp;ssl=1 300w, https:\/\/i0.wp.com\/www.luerken-slomka.de\/wp-content\/uploads\/2019\/01\/Dachform_Satteldach.png?resize=230%2C171&amp;ssl=1 230w, https:\/\/i0.wp.com\/www.luerken-slomka.de\/wp-content\/uploads\/2019\/01\/Dachform_Satteldach.png?resize=350%2C260&amp;ssl=1 350w, https:\/\/i0.wp.com\/www.luerken-slomka.de\/wp-content\/uploads\/2019\/01\/Dachform_Satteldach.png?w=404&amp;ssl=1 404w\" sizes=\"auto, (max-width: 300px) 100vw, 300px\" \/>Das Satteldach ist eine der klassischsten Dachformen. Konstruktiv ist das Satteldach entweder ein Pfetten- oder ein Sparrendach. Durch die verschiedenen Dachwinkel ist eine Vielzahl an unterschiedlichen Dachneigungen und Traufh\u00f6hen m\u00f6glich. Der bauliche Aufbau und die Stabilit\u00e4t sprechen f\u00fcr diese Dachform. Abh\u00e4ngig vom Dachwinkel haben die D\u00e4cher unterschiedliche Bezeichnungen:<\/p>\r\n<ul>\r\n<li>&lt; 30\u00b0 Dachneigung spricht man vom &#8222;flachen Satteldach&#8220;<\/li>\r\n<li>ab 45\u00b0 spricht man vom &#8222;Neudeutschen Dach&#8220; oder vom &#8222;Winkeldach&#8220;<\/li>\r\n<li>bei 60\u00b0 (Gleichseitigkeit des Dachs) spricht man vom &#8222;Altfr\u00e4nkischen Dach&#8220; oder &#8222;Altfranz\u00f6sischen Dach&#8220;<\/li>\r\n<li>&gt; 62\u00b0 spricht man vom &#8222;Gotischen Dach&#8220; oder &#8222;Altdeutschen Dach&#8220;<\/li>\r\n<\/ul>\r\n<p>Das klassische Satteldach findet sich auch in unserem Firmenlogo wieder.<\/p>\r\n<p>&nbsp;<\/p>\r\n<h4>Das Walmdach<\/h4>\r\n<p><img data-recalc-dims=\"1\" loading=\"lazy\" decoding=\"async\" data-attachment-id=\"155\" data-permalink=\"https:\/\/www.luerken-slomka.de\/?attachment_id=155\" data-orig-file=\"https:\/\/i0.wp.com\/www.luerken-slomka.de\/wp-content\/uploads\/2019\/01\/Dachform_Walmdach.png?fit=381%2C300&amp;ssl=1\" data-orig-size=\"381,300\" data-comments-opened=\"1\" data-image-meta=\"{&quot;aperture&quot;:&quot;0&quot;,&quot;credit&quot;:&quot;&quot;,&quot;camera&quot;:&quot;&quot;,&quot;caption&quot;:&quot;&quot;,&quot;created_timestamp&quot;:&quot;0&quot;,&quot;copyright&quot;:&quot;&quot;,&quot;focal_length&quot;:&quot;0&quot;,&quot;iso&quot;:&quot;0&quot;,&quot;shutter_speed&quot;:&quot;0&quot;,&quot;title&quot;:&quot;&quot;,&quot;orientation&quot;:&quot;0&quot;}\" data-image-title=\"Dachform_Walmdach\" data-image-description=\"\" data-image-caption=\"\" data-medium-file=\"https:\/\/i0.wp.com\/www.luerken-slomka.de\/wp-content\/uploads\/2019\/01\/Dachform_Walmdach.png?fit=300%2C236&amp;ssl=1\" data-large-file=\"https:\/\/i0.wp.com\/www.luerken-slomka.de\/wp-content\/uploads\/2019\/01\/Dachform_Walmdach.png?fit=381%2C300&amp;ssl=1\" class=\"alignright size-medium wp-image-155\" src=\"https:\/\/i0.wp.com\/www.luerken-slomka.de\/wp-content\/uploads\/2019\/01\/Dachform_Walmdach.png?resize=300%2C236&#038;ssl=1\" alt=\"\" width=\"300\" height=\"236\" srcset=\"https:\/\/i0.wp.com\/www.luerken-slomka.de\/wp-content\/uploads\/2019\/01\/Dachform_Walmdach.png?resize=300%2C236&amp;ssl=1 300w, https:\/\/i0.wp.com\/www.luerken-slomka.de\/wp-content\/uploads\/2019\/01\/Dachform_Walmdach.png?resize=230%2C181&amp;ssl=1 230w, https:\/\/i0.wp.com\/www.luerken-slomka.de\/wp-content\/uploads\/2019\/01\/Dachform_Walmdach.png?resize=350%2C276&amp;ssl=1 350w, https:\/\/i0.wp.com\/www.luerken-slomka.de\/wp-content\/uploads\/2019\/01\/Dachform_Walmdach.png?w=381&amp;ssl=1 381w\" sizes=\"auto, (max-width: 300px) 100vw, 300px\" \/>Auch das&nbsp;Walmdach&nbsp;ist ein Satteldach, jedoch dann mit geneigten Giebelfl\u00e4chen. Es wird h\u00e4ufig bei Bauernh\u00e4usern verwendet \u2013 sie ist eine rustikale Version unter den Dachformen. Die Walmdach Dachform mindert die Angriffsm\u00f6glichkeit von Wind und Wetter. Es wirkt robust und herrschaftlich. Die beiden seitlichen Giebelschr\u00e4gen bezeichnet man hierbei als sogenannten Walm.<\/p>\r\n<p>Bei Walmd\u00e4chern, deren Walm nicht bis auf die Traufh\u00f6he (die H\u00f6he der Dachrinne) heruntergezogen wird, spricht man von einem&nbsp;Schopfwalm&nbsp;oder auch&nbsp;Kr\u00fcppelwalm. Hier bleibt ein trapezf\u00f6rmiger Restgiebel erhalten. Auch das Kr\u00fcppelwalmdach ist eine sehr beliebte Dachart.<\/p>\r\n<p>Wenn der untere Teil des Dachs abgewalmt ist, spricht man von einem sogenannten Fu\u00dfwalm. Ein typisches Beispiel f\u00fcr diese Bauweise ist z.B. eine chinesische Pagode.<\/p>\r\n<h4>&nbsp;<\/h4>\r\n<h4>Das Pultdach<\/h4>\r\n<p><img data-recalc-dims=\"1\" loading=\"lazy\" decoding=\"async\" data-attachment-id=\"156\" data-permalink=\"https:\/\/www.luerken-slomka.de\/?attachment_id=156\" data-orig-file=\"https:\/\/i0.wp.com\/www.luerken-slomka.de\/wp-content\/uploads\/2019\/01\/Dachform_Pultdach.png?fit=397%2C300&amp;ssl=1\" data-orig-size=\"397,300\" data-comments-opened=\"1\" data-image-meta=\"{&quot;aperture&quot;:&quot;0&quot;,&quot;credit&quot;:&quot;&quot;,&quot;camera&quot;:&quot;&quot;,&quot;caption&quot;:&quot;&quot;,&quot;created_timestamp&quot;:&quot;0&quot;,&quot;copyright&quot;:&quot;&quot;,&quot;focal_length&quot;:&quot;0&quot;,&quot;iso&quot;:&quot;0&quot;,&quot;shutter_speed&quot;:&quot;0&quot;,&quot;title&quot;:&quot;&quot;,&quot;orientation&quot;:&quot;0&quot;}\" data-image-title=\"Dachform_Pultdach\" data-image-description=\"\" data-image-caption=\"\" data-medium-file=\"https:\/\/i0.wp.com\/www.luerken-slomka.de\/wp-content\/uploads\/2019\/01\/Dachform_Pultdach.png?fit=300%2C227&amp;ssl=1\" data-large-file=\"https:\/\/i0.wp.com\/www.luerken-slomka.de\/wp-content\/uploads\/2019\/01\/Dachform_Pultdach.png?fit=397%2C300&amp;ssl=1\" class=\"alignright size-medium wp-image-156\" src=\"https:\/\/i0.wp.com\/www.luerken-slomka.de\/wp-content\/uploads\/2019\/01\/Dachform_Pultdach.png?resize=300%2C227&#038;ssl=1\" alt=\"\" width=\"300\" height=\"227\" srcset=\"https:\/\/i0.wp.com\/www.luerken-slomka.de\/wp-content\/uploads\/2019\/01\/Dachform_Pultdach.png?resize=300%2C227&amp;ssl=1 300w, https:\/\/i0.wp.com\/www.luerken-slomka.de\/wp-content\/uploads\/2019\/01\/Dachform_Pultdach.png?resize=230%2C174&amp;ssl=1 230w, https:\/\/i0.wp.com\/www.luerken-slomka.de\/wp-content\/uploads\/2019\/01\/Dachform_Pultdach.png?resize=350%2C264&amp;ssl=1 350w, https:\/\/i0.wp.com\/www.luerken-slomka.de\/wp-content\/uploads\/2019\/01\/Dachform_Pultdach.png?w=397&amp;ssl=1 397w\" sizes=\"auto, (max-width: 300px) 100vw, 300px\" \/>Pultd\u00e4cher&nbsp;kommen urspr\u00fcnglich aus der Industrie, denn vor allem Garagen und Lagerhallen wurden mit den geneigten D\u00e4chern in der Vergangenheit gedeckt. In den letzten Jahren setzten sich Pultd\u00e4cher aber auch im&nbsp;Wohnbereich&nbsp;durch, so dass immer mehr Neubauten mit Pultdach erstellt wurden. Durch die&nbsp;asymmetrische Form&nbsp;wirken diese D\u00e4cher meist modern.<\/p>\r\n<p>Prinzipiell ist ein Pultdach ein &#8222;halbes Satteldach&#8220;: Die obere Kante nennt man auch hier First, die untere Kante wird Dachtraufe genannt. \u00dcblicherweise ist die Dachkonstruktion ein leicht geneigtes Sparrendach.<\/p>\r\n<h4>&nbsp;<\/h4>\r\n<h4>Das Flachdach<\/h4>\r\n<p>Flachd\u00e4cher&nbsp;sind sp\u00e4testens seit dem Wiederaufkommen des&nbsp;Bauhausstils&nbsp;auch bei Einfamilienh\u00e4usern wieder modern. Egal ob kleine Bungalows&nbsp;oder gro\u00dfe Stadtvillen &#8211; alle H\u00e4user k\u00f6nnen prinzipiell mit einem Flachdach ausgestattet werden. Wichtig ist dabei nur eine professionelle Abdichtung, die daf\u00fcr sorgt, dass sp\u00e4ter keine Feuchtigkeit ins Innere des Hauses gelangt.<\/p>\r\n<p>Au\u00dferdem muss ein Flachdach einer&nbsp;h\u00f6heren (punktuellen) Belastung&nbsp;standhalten als geneigte D\u00e4cher. Im Winter muss ein Flachdach h\u00f6here Schneelasten tragen, als z.B. ein Satteldach, da dort die Schneelast einfach herunter rutscht.&nbsp;<\/p>\r\n<p>Flachd\u00e4cher sind&nbsp;begehbar&nbsp;und k\u00f6nnen auch als&nbsp;Dachterrasse&nbsp;genutzt werden.<\/p>\r\n<h4>&nbsp;<\/h4>\r\n<h4>Das Schleppdach<\/h4>\r\n<p><img data-recalc-dims=\"1\" loading=\"lazy\" decoding=\"async\" data-attachment-id=\"157\" data-permalink=\"https:\/\/www.luerken-slomka.de\/?attachment_id=157\" data-orig-file=\"https:\/\/i0.wp.com\/www.luerken-slomka.de\/wp-content\/uploads\/2019\/01\/Dachform_Schleppdach.png?fit=393%2C300&amp;ssl=1\" data-orig-size=\"393,300\" data-comments-opened=\"1\" data-image-meta=\"{&quot;aperture&quot;:&quot;0&quot;,&quot;credit&quot;:&quot;&quot;,&quot;camera&quot;:&quot;&quot;,&quot;caption&quot;:&quot;&quot;,&quot;created_timestamp&quot;:&quot;0&quot;,&quot;copyright&quot;:&quot;&quot;,&quot;focal_length&quot;:&quot;0&quot;,&quot;iso&quot;:&quot;0&quot;,&quot;shutter_speed&quot;:&quot;0&quot;,&quot;title&quot;:&quot;&quot;,&quot;orientation&quot;:&quot;0&quot;}\" data-image-title=\"Dachform_Schleppdach\" data-image-description=\"\" data-image-caption=\"\" data-medium-file=\"https:\/\/i0.wp.com\/www.luerken-slomka.de\/wp-content\/uploads\/2019\/01\/Dachform_Schleppdach.png?fit=300%2C229&amp;ssl=1\" data-large-file=\"https:\/\/i0.wp.com\/www.luerken-slomka.de\/wp-content\/uploads\/2019\/01\/Dachform_Schleppdach.png?fit=393%2C300&amp;ssl=1\" class=\"alignright size-medium wp-image-157\" src=\"https:\/\/i0.wp.com\/www.luerken-slomka.de\/wp-content\/uploads\/2019\/01\/Dachform_Schleppdach.png?resize=300%2C229&#038;ssl=1\" alt=\"\" width=\"300\" height=\"229\" srcset=\"https:\/\/i0.wp.com\/www.luerken-slomka.de\/wp-content\/uploads\/2019\/01\/Dachform_Schleppdach.png?resize=300%2C229&amp;ssl=1 300w, https:\/\/i0.wp.com\/www.luerken-slomka.de\/wp-content\/uploads\/2019\/01\/Dachform_Schleppdach.png?resize=230%2C176&amp;ssl=1 230w, https:\/\/i0.wp.com\/www.luerken-slomka.de\/wp-content\/uploads\/2019\/01\/Dachform_Schleppdach.png?resize=350%2C267&amp;ssl=1 350w, https:\/\/i0.wp.com\/www.luerken-slomka.de\/wp-content\/uploads\/2019\/01\/Dachform_Schleppdach.png?w=393&amp;ssl=1 393w\" sizes=\"auto, (max-width: 300px) 100vw, 300px\" \/>Das sogenannte Schleppdach&nbsp;wird von Anfang an als Teil des Hauptbaus geplant, beispielsweise als Vordach oder Eingangsbereich, oder nachtr\u00e4glich auf einen Anbau ausgeweitet.<\/p>\r\n<p>Ein Schleppdach&nbsp;integriert Anbauten&nbsp;sehr harmonisch in den Hauptbau. Bei stumpfen Dachwinkeln kann in manchen F\u00e4llen beim geschleppten&nbsp;Dach dieselbe Neigung beibehalten werden. In der Regel f\u00e4llt die Neigung des Anbaudachs etwas geringer aus, um eine ausreichende Traufh\u00f6he zu erzielen.<\/p>\r\n<p>Diese Dachform eignet sich gut, um z.B. ein Carport direkt ans Haus zu integrieren. Dann muss nur eine Seite des Carports befestigt werden, die andere wird ans Haus gest\u00fctzt.<\/p>\r\n","protected":false},"excerpt":{"rendered":"<p>Es gibt sehr viele verschiedene Arten von D\u00e4chern. Hier finden Sie einige Informationen zu den g\u00e4ngigsten Arten. Ein&nbsp;Satteldach&nbsp;zum Beispiel pr\u00e4sentiert das Geb\u00e4ude [&hellip;]<\/p>\n","protected":false},"author":1,"featured_media":0,"parent":0,"menu_order":0,"comment_status":"closed","ping_status":"closed","template":"","meta":{"ngg_post_thumbnail":0,"jetpack_post_was_ever_published":false,"footnotes":""},"class_list":["post-25","page","type-page","status-publish","hentry"],"jetpack_sharing_enabled":true,"jetpack_shortlink":"https:\/\/wp.me\/PaAkeO-p","jetpack-related-posts":[],"_links":{"self":[{"href":"https:\/\/www.luerken-slomka.de\/index.php?rest_route=\/wp\/v2\/pages\/25","targetHints":{"allow":["GET"]}}],"collection":[{"href":"https:\/\/www.luerken-slomka.de\/index.php?rest_route=\/wp\/v2\/pages"}],"about":[{"href":"https:\/\/www.luerken-slomka.de\/index.php?rest_route=\/wp\/v2\/types\/page"}],"author":[{"embeddable":true,"href":"https:\/\/www.luerken-slomka.de\/index.php?rest_route=\/wp\/v2\/users\/1"}],"replies":[{"embeddable":true,"href":"https:\/\/www.luerken-slomka.de\/index.php?rest_route=%2Fwp%2Fv2%2Fcomments&post=25"}],"version-history":[{"count":12,"href":"https:\/\/www.luerken-slomka.de\/index.php?rest_route=\/wp\/v2\/pages\/25\/revisions"}],"predecessor-version":[{"id":158,"href":"https:\/\/www.luerken-slomka.de\/index.php?rest_route=\/wp\/v2\/pages\/25\/revisions\/158"}],"wp:attachment":[{"href":"https:\/\/www.luerken-slomka.de\/index.php?rest_route=%2Fwp%2Fv2%2Fmedia&parent=25"}],"curies":[{"name":"wp","href":"https:\/\/api.w.org\/{rel}","templated":true}]}}